{"id":126,"date":"2018-02-18T23:45:51","date_gmt":"2018-02-18T22:45:51","guid":{"rendered":"http:\/\/celinearvisais.com.heb5d.sogetel.net\/?page_id=126"},"modified":"2018-10-15T21:09:28","modified_gmt":"2018-10-16T01:09:28","slug":"rideau-fronce-sur-velcro","status":"publish","type":"page","link":"https:\/\/www.ateliercelinearvisais.com\/?page_id=126","title":{"rendered":"Rideau fronc\u00e9 sur velcro"},"content":{"rendered":"<p><span>L\u2019ampleur de ce style de rideau peut varier selon le tissu choisi. Son opacit\u00e9, son \u00e9paisseur et la grosseur du motif sont des variantes pouvant influencer le produit final pour r\u00e9pondre aux attentes d\u00e9sir\u00e9es. En g\u00e9n\u00e9ral on calcule au moins 2 fois la mesure de la p\u00f4le mais c\u2019est \u00e0 la discr\u00e9tion de chacun.<\/span><\/p>\n","protected":false},"excerpt":{"rendered":"<p>L\u2019ampleur de ce style de rideau peut varier selon le tissu choisi. Son opacit\u00e9, son \u00e9paisseur et la grosseur du motif sont des variantes pouvant influencer le produit final pour r\u00e9pondre aux attentes d\u00e9sir\u00e9es. En g\u00e9n\u00e9ral on calcule au moins 2 fois la mesure de la p\u00f4le mais c\u2019est \u00e0 la discr\u00e9tion de chacun.<\/p>\n","protected":false},"author":1,"featured_media":0,"parent":0,"menu_order":0,"comment_status":"closed","ping_status":"closed","template":"","meta":{"footnotes":""},"class_list":["post-126","page","type-page","status-publish","hentry"],"_links":{"self":[{"href":"https:\/\/www.ateliercelinearvisais.com\/index.php?rest_route=\/wp\/v2\/pages\/126","targetHints":{"allow":["GET"]}}],"collection":[{"href":"https:\/\/www.ateliercelinearvisais.com\/index.php?rest_route=\/wp\/v2\/pages"}],"about":[{"href":"https:\/\/www.ateliercelinearvisais.com\/index.php?rest_route=\/wp\/v2\/types\/page"}],"author":[{"embeddable":true,"href":"https:\/\/www.ateliercelinearvisais.com\/index.php?rest_route=\/wp\/v2\/users\/1"}],"replies":[{"embeddable":true,"href":"https:\/\/www.ateliercelinearvisais.com\/index.php?rest_route=%2Fwp%2Fv2%2Fcomments&post=126"}],"version-history":[{"count":2,"href":"https:\/\/www.ateliercelinearvisais.com\/index.php?rest_route=\/wp\/v2\/pages\/126\/revisions"}],"predecessor-version":[{"id":442,"href":"https:\/\/www.ateliercelinearvisais.com\/index.php?rest_route=\/wp\/v2\/pages\/126\/revisions\/442"}],"wp:attachment":[{"href":"https:\/\/www.ateliercelinearvisais.com\/index.php?rest_route=%2Fwp%2Fv2%2Fmedia&parent=126"}],"curies":[{"name":"wp","href":"https:\/\/api.w.org\/{rel}","templated":true}]}}